{"id":138,"date":"2024-05-10T20:39:47","date_gmt":"2024-05-10T19:39:47","guid":{"rendered":"http:\/\/localhost\/A\/AbrantesAdvogados\/Dev\/build\/wordpress\/inicio\/"},"modified":"2024-10-08T17:18:16","modified_gmt":"2024-10-08T16:18:16","slug":"inicio","status":"publish","type":"page","link":"https:\/\/www.abrantesadvogados.com\/es\/","title":{"rendered":"In\u00edcio"},"content":{"rendered":"\n<p>Con m\u00e1s de veinticinco a\u00f1os de experiencia profesional, sobre todo en el \u00e1rea del derecho de la empresa, el Despacho traduce la autonomizaci\u00f3n de la pr\u00e1ctica legal de su abogado fundador, titulado en Derecho por la Facultad de Derecho de la Universidad de Lisboa \u2013 una de las dos m\u00e1s prestigiosas Facultades de Derecho en Portugal\u2026<\/p>\n","protected":false},"excerpt":{"rendered":"<p>Con m\u00e1s de veinte a\u00f1os de experiencia profesional, sobre todo en el \u00e1rea del derecho de la empresa, el Despacho traduce la autonomizaci\u00f3n de la pr\u00e1ctica legal de su abogado fundador<\/p>\n","protected":false},"author":2,"featured_media":114,"parent":0,"menu_order":1,"comment_status":"closed","ping_status":"closed","template":"","meta":{"footnotes":""},"class_list":["post-138","page","type-page","status-publish","has-post-thumbnail","hentry"],"_links":{"self":[{"href":"https:\/\/www.abrantesadvogados.com\/es\/wp-json\/wp\/v2\/pages\/138","targetHints":{"allow":["GET"]}}],"collection":[{"href":"https:\/\/www.abrantesadvogados.com\/es\/wp-json\/wp\/v2\/pages"}],"about":[{"href":"https:\/\/www.abrantesadvogados.com\/es\/wp-json\/wp\/v2\/types\/page"}],"author":[{"embeddable":true,"href":"https:\/\/www.abrantesadvogados.com\/es\/wp-json\/wp\/v2\/users\/2"}],"replies":[{"embeddable":true,"href":"https:\/\/www.abrantesadvogados.com\/es\/wp-json\/wp\/v2\/comments?post=138"}],"version-history":[{"count":5,"href":"https:\/\/www.abrantesadvogados.com\/es\/wp-json\/wp\/v2\/pages\/138\/revisions"}],"predecessor-version":[{"id":463,"href":"https:\/\/www.abrantesadvogados.com\/es\/wp-json\/wp\/v2\/pages\/138\/revisions\/463"}],"wp:featuredmedia":[{"embeddable":true,"href":"https:\/\/www.abrantesadvogados.com\/es\/wp-json\/wp\/v2\/media\/114"}],"wp:attachment":[{"href":"https:\/\/www.abrantesadvogados.com\/es\/wp-json\/wp\/v2\/media?parent=138"}],"curies":[{"name":"wp","href":"https:\/\/api.w.org\/{rel}","templated":true}]}}